{"id":76,"date":"2022-08-31T09:52:03","date_gmt":"2022-08-31T07:52:03","guid":{"rendered":"http:\/\/localhost:8888\/?page_id=76"},"modified":"2024-04-23T18:36:40","modified_gmt":"2024-04-23T16:36:40","slug":"jodo","status":"publish","type":"page","link":"https:\/\/jaricot.net\/ishi-ka-dojo\/jodo\/","title":{"rendered":"J\u00f4d\u00f4"},"content":{"rendered":"\n<p>\u00a0Les entra\u00eenements se d\u00e9roulent en soir\u00e9e au Foyer rural de Roquesteron 06910 de septembre \u00e0 juin inclus, les mardis de 19:30 \u00e0 21:30 et les jeudis de 20:00 \u00e0 22:00. Infos par t\u00e9l\u00e9phone.<\/p>\n\n\n<div class=\"wp-block-image\">\n<figure class=\"aligncenter size-full\"><img decoding=\"async\" loading=\"lazy\" width=\"575\" height=\"375\" src=\"http:\/\/jaricot.net\/wp-content\/uploads\/2022\/08\/cours_communs_02v2-WEbdd3fa09e5.png\" alt=\"\" class=\"wp-image-130\" srcset=\"https:\/\/jaricot.net\/ishi-ka-dojo\/wp-content\/uploads\/2022\/08\/cours_communs_02v2-WEbdd3fa09e5.png 575w, https:\/\/jaricot.net\/ishi-ka-dojo\/wp-content\/uploads\/2022\/08\/cours_communs_02v2-WEbdd3fa09e5-300x196.png 300w\" sizes=\"(max-width: 575px) 85vw, 575px\" \/><figcaption class=\"wp-element-caption\"><em>Cours communs Ishi Ka \/ Gi-Y\u00f4-Shin<\/em><\/figcaption><\/figure><\/div>\n\n<div class=\"wp-block-image\">\n<figure class=\"aligncenter size-full\"><img decoding=\"async\" loading=\"lazy\" width=\"578\" height=\"283\" src=\"http:\/\/localhost:8888\/wp-content\/uploads\/2022\/08\/cours_communs_01v2-WEd4b77e56ae.png\" alt=\"\" class=\"wp-image-131\" srcset=\"https:\/\/jaricot.net\/ishi-ka-dojo\/wp-content\/uploads\/2022\/08\/cours_communs_01v2-WEd4b77e56ae.png 578w, https:\/\/jaricot.net\/ishi-ka-dojo\/wp-content\/uploads\/2022\/08\/cours_communs_01v2-WEd4b77e56ae-300x147.png 300w\" sizes=\"(max-width: 578px) 85vw, 578px\" \/><\/figure><\/div>\n\n<div class=\"wp-block-image\">\n<figure class=\"aligncenter size-full\"><img decoding=\"async\" loading=\"lazy\" width=\"578\" height=\"336\" src=\"http:\/\/localhost:8888\/wp-content\/uploads\/2022\/08\/banquet_gaulois_pierrefeuv2-WEec4a8e0ced.png\" alt=\"\" class=\"wp-image-133\" srcset=\"https:\/\/jaricot.net\/ishi-ka-dojo\/wp-content\/uploads\/2022\/08\/banquet_gaulois_pierrefeuv2-WEec4a8e0ced.png 578w, https:\/\/jaricot.net\/ishi-ka-dojo\/wp-content\/uploads\/2022\/08\/banquet_gaulois_pierrefeuv2-WEec4a8e0ced-300x174.png 300w\" sizes=\"(max-width: 578px) 85vw, 578px\" \/><figcaption class=\"wp-element-caption\"><em>Banquet gaulois<\/em><\/figcaption><\/figure><\/div>\n\n\n<p>Une fois par an, nous avons le plaisir d&rsquo;accueillir les pratiquants des groupes du Sud \u00e0 Pierrefeu. Ils viennent \u00ab mettre leurs techniques au vert \u00bb au cours d&rsquo;une journ\u00e9e d&rsquo;entra\u00eenement soutenu et ensoleill\u00e9. Gilles Tache et Jean-Claude Hamel pilotent le programme de la journ\u00e9e qui se termine, le soir par un d\u00e9sormais traditionnel \u00ab Banquet gaulois \u00bb o\u00f9 la bonne humeur et l&rsquo;humour sont les invit\u00e9es d&rsquo;honneur.<\/p>\n\n\n<div class=\"wp-block-image\">\n<figure class=\"aligncenter size-full\"><a href=\"2022\/08\/31\/jacky-ou-laventure-des-sceaux\/\"><img decoding=\"async\" loading=\"lazy\" width=\"280\" height=\"231\" src=\"http:\/\/jaricot.net\/ishi-ka-dojo\/wp-content\/uploads\/2022\/08\/boitier_du_sceau-WE712de663a0.jpg\" alt=\"\" class=\"wp-image-134\"\/><\/a><figcaption class=\"wp-element-caption\"><em>Pour d\u00e9couvrir ce qui se cache dans cette petite bo\u00eete, cliquez dessus !<\/em><\/figcaption><\/figure><\/div>\n\n<div class=\"wp-block-image\">\n<figure class=\"aligncenter size-full\"><a href=\"http:\/\/jaricot.net\/ishi-ka-dojo\/2020\/06\/26\/fete-japonaise-de-la-vallee-aux-oiseaux\/\"><img decoding=\"async\" loading=\"lazy\" width=\"320\" height=\"273\" src=\"http:\/\/localhost:8888\/wp-content\/uploads\/2022\/08\/ishi_ka_grues.jpg\" alt=\"\" class=\"wp-image-135\" srcset=\"https:\/\/jaricot.net\/ishi-ka-dojo\/wp-content\/uploads\/2022\/08\/ishi_ka_grues.jpg 320w, https:\/\/jaricot.net\/ishi-ka-dojo\/wp-content\/uploads\/2022\/08\/ishi_ka_grues-300x256.jpg 300w\" sizes=\"(max-width: 320px) 85vw, 320px\" \/><\/a><figcaption class=\"wp-element-caption\"><em>Un petit clic pour d\u00e9couvrir notre grand \u00e9v\u00e9nement J\u00f4d\u00f4 et Shod\u00f4 : la F\u00eate japonaise de la Vall\u00e9e aux Oiseaux en juin 2021.<\/em><\/figcaption><\/figure><\/div>","protected":false},"excerpt":{"rendered":"<p>\u00a0Les entra\u00eenements se d\u00e9roulent en soir\u00e9e au Foyer rural de Roquesteron 06910 de septembre \u00e0 juin inclus, les mardis de 19:30 \u00e0 21:30 et les jeudis de 20:00 \u00e0 22:00. &hellip; <a href=\"https:\/\/jaricot.net\/ishi-ka-dojo\/jodo\/\" class=\"more-link\">Continuer la lecture<span class=\"screen-reader-text\"> de &laquo;&nbsp;J\u00f4d\u00f4&nbsp;&raquo;<\/span><\/a><\/p>\n","protected":false},"author":1,"featured_media":0,"parent":0,"menu_order":0,"comment_status":"closed","ping_status":"closed","template":"","meta":{"_EventAllDay":false,"_EventTimezone":"","_EventStartDate":"","_EventEndDate":"","_EventStartDateUTC":"","_EventEndDateUTC":"","_EventShowMap":false,"_EventShowMapLink":false,"_EventURL":"","_EventCost":"","_EventCostDescription":"","_EventCurrencySymbol":"","_EventCurrencyCode":"","_EventCurrencyPosition":"","_EventDateTimeSeparator":"","_EventTimeRangeSeparator":"","_EventOrganizerID":[],"_EventVenueID":0,"_OrganizerEmail":"","_OrganizerPhone":"","_OrganizerWebsite":"","_VenueAddress":"","_VenueCity":"","_VenueCountry":"","_VenueProvince":"","_VenueZip":"","_VenuePhone":"","_VenueURL":"","_VenueStateProvince":"","_VenueLat":"","_VenueLng":""},"_links":{"self":[{"href":"https:\/\/jaricot.net\/ishi-ka-dojo\/wp-json\/wp\/v2\/pages\/76"}],"collection":[{"href":"https:\/\/jaricot.net\/ishi-ka-dojo\/wp-json\/wp\/v2\/pages"}],"about":[{"href":"https:\/\/jaricot.net\/ishi-ka-dojo\/wp-json\/wp\/v2\/types\/page"}],"author":[{"embeddable":true,"href":"https:\/\/jaricot.net\/ishi-ka-dojo\/wp-json\/wp\/v2\/users\/1"}],"replies":[{"embeddable":true,"href":"https:\/\/jaricot.net\/ishi-ka-dojo\/wp-json\/wp\/v2\/comments?post=76"}],"version-history":[{"count":10,"href":"https:\/\/jaricot.net\/ishi-ka-dojo\/wp-json\/wp\/v2\/pages\/76\/revisions"}],"predecessor-version":[{"id":282,"href":"https:\/\/jaricot.net\/ishi-ka-dojo\/wp-json\/wp\/v2\/pages\/76\/revisions\/282"}],"wp:attachment":[{"href":"https:\/\/jaricot.net\/ishi-ka-dojo\/wp-json\/wp\/v2\/media?parent=76"}],"curies":[{"name":"wp","href":"https:\/\/api.w.org\/{rel}","templated":true}]}}