{"id":79,"date":"2022-08-31T09:52:53","date_gmt":"2022-08-31T07:52:53","guid":{"rendered":"http:\/\/localhost:8888\/?page_id=79"},"modified":"2024-04-23T20:41:37","modified_gmt":"2024-04-23T18:41:37","slug":"shodo","status":"publish","type":"page","link":"https:\/\/jaricot.net\/ishi-ka-dojo\/shodo\/","title":{"rendered":"Shod\u00f4"},"content":{"rendered":"\n<p><strong>Shod\u00f4, la voie de l&rsquo;\u00e9criture<\/strong><\/p>\n\n\n\n<div class=\"is-layout-flex wp-container-3 wp-block-columns\">\n<div class=\"is-layout-flow wp-block-column\" style=\"flex-basis:66.66%\">\n<p><em>de Marie<\/em><\/p>\n\n\n\n<p><strong>\u00c9changer ses armes contre un pinceau et continuer \u00e0 couper&#8230;<\/strong><\/p>\n\n\n\n<p>&nbsp; &nbsp; &nbsp; &nbsp; Le&nbsp;<strong>Shod\u00f4<\/strong>&nbsp;appara\u00eet dans le prolongement du&nbsp;<a href=\"\">J\u00f4d\u00f4<\/a>&nbsp;et sabre la feuille de riz d\u2019empreintes fluides, verticales, obliques, horizontales, incurv\u00e9es, trac\u00e9es \u00e0 main lev\u00e9e, sans h\u00e9sitation ni retouche, avec l&rsquo;accompagnement du corps, dans un souffle.<br><\/p>\n\n\n\n<p>&nbsp; &nbsp; &nbsp; &nbsp; Au final, surgissent les id\u00e9ogrammes et les Kana de la langue japonaise que la Voie de l&rsquo;\u00e9criture cherche \u00e0 exprimer visuellement sous leurs formes sensibles, vivantes, connect\u00e9es au sens. Il s&rsquo;agit l\u00e0 d&rsquo;un long chemin dont l&rsquo;apprentissage peut commencer par le trac\u00e9 d&rsquo;un Kanji,&nbsp;<strong>\u6c38\u9060 Ei, l&rsquo;\u00e9ternit\u00e9<\/strong>, le temps qu&rsquo;il faut pour apprendre la calligraphie* !<br><br>&nbsp; &nbsp; &nbsp; &nbsp; Dans la solitude plus ou moins sereine o\u00f9 l&rsquo;encre coule sur le papier, le calligraphe peut se sentir connect\u00e9 avec tous ceux, chinois d&rsquo;abord, puis japonais, qui au cours des si\u00e8cles ont plong\u00e9 au c\u0153ur de cette discipline exigeante et g\u00e9n\u00e9reuse.<br><br>&nbsp; &nbsp; &nbsp; &nbsp; La pratique du&nbsp;<strong>J\u00f4d\u00f4<\/strong>&nbsp;et des armes parall\u00e8les am\u00e8ne \u00e0 proposer aux Budoka des th\u00e8mes de travail qui feront l&rsquo;objet d&rsquo;apprentissages sp\u00e9cifiques au cours de stages ou sur des modules d&rsquo;apprentissage au D\u00f4j\u00f4. Ces th\u00e8mes, traduits en japonais, seront calligraphi\u00e9s sur de longues feuilles rectangulaires, les Shomen, et pr\u00e9sent\u00e9s sur le mur d&rsquo;honneur de la salle.<\/p>\n<\/div>\n\n\n\n<div class=\"is-layout-flow wp-block-column\" style=\"flex-basis:33.33%\">\n<figure class=\"wp-block-image size-large\"><img decoding=\"async\" src=\"http:\/\/jaricot.net\/ishi-ka-dojo\/wp-content\/uploads\/2022\/08\/06_gohon_no_midare_style_sosho_v2-0_1-WE4a7ba767ce.png\" alt=\"\"\/><figcaption class=\"wp-element-caption\">Gohon no Midare<\/figcaption><\/figure>\n<\/div>\n<\/div>\n\n\n\n<div class=\"is-layout-flex wp-container-6 wp-block-columns\">\n<div class=\"is-layout-flow wp-block-column\" style=\"flex-basis:33.33%\">\n<figure class=\"wp-block-image size-full\"><img decoding=\"async\" loading=\"lazy\" width=\"119\" height=\"273\" src=\"http:\/\/jaricot.net\/ishi-ka-dojo\/wp-content\/uploads\/2022\/08\/02-shodo-WE25183cc9e3.png\" alt=\"\" class=\"wp-image-107\"\/><figcaption class=\"wp-element-caption\">Mato no Muko<\/figcaption><\/figure>\n<\/div>\n\n\n\n<div class=\"is-layout-flow wp-block-column\" style=\"flex-basis:66.66%\">\n<p>Chaque composante du texte donnera lieu \u00e0 des \u00e9clairages et des commentaires introduisant la pratique martiale.\u00a0<br><br>Pour les trois D\u00f4j\u00f4 de la r\u00e9gion Sud, notre mission de \u00ab\u00a0J\u00f4d\u00f4ka calligraphes\u00a0\u00bb nous incite \u00e0 r\u00e9aliser la plupart des calligraphies de th\u00e8mes de stages dirig\u00e9s par les enseignants de notre r\u00e9gion.<\/p>\n\n\n\n<p>Nous pilotons une initiation au&nbsp;&nbsp;<strong>Shod\u00f4&nbsp;<\/strong>&nbsp;\u00e0 l\u2019occasion d\u2019un stage annuel d&rsquo;arts martiaux \u00e0 l\u2019\u00eele Sainte Marguerite, en face de Cannes, en partenariat avec Maria Rosa Valluzzi, calligraphe italienne exp\u00e9riment\u00e9e.&nbsp;<\/p>\n\n\n\n<p>&nbsp; &nbsp; &nbsp; &nbsp;&nbsp;Chaque ann\u00e9e, l\u2019\u00e9quipe cherche \u00e0 renouveler ses propositions pour qu\u2019elles \u00e9clairent le nouveau th\u00e8me du stage des \u00eeles choisi, fil conducteur des diff\u00e9rentes disciplines programm\u00e9es.<\/p>\n\n\n\n<p><\/p>\n<\/div>\n<\/div>\n\n\n\n<div class=\"is-layout-flex wp-container-9 wp-block-columns\">\n<div class=\"is-layout-flow wp-block-column\">\n<figure class=\"wp-block-image size-large\"><img decoding=\"async\" src=\"http:\/\/jaricot.net\/ishi-ka-dojo\/wp-content\/uploads\/2022\/08\/initiation_au_shodo_remilly___-WEd925b24388.jpg\" alt=\"\"\/><figcaption class=\"wp-element-caption\"><em>Initiation au Shod\u00f4 de R\u00e9milly&nbsp;&#8211; Septembre 2018<\/em><\/figcaption><\/figure>\n<\/div>\n\n\n\n<div class=\"is-layout-flow wp-block-column\">\n<figure class=\"wp-block-image size-large\"><img decoding=\"async\" src=\"http:\/\/jaricot.net\/ishi-ka-dojo\/wp-content\/uploads\/2022\/08\/kihon_kara_sei_cho_stage_remilly-WE0664d9434f.jpg\" alt=\"\"\/><figcaption class=\"wp-element-caption\"><em>Kihon Kara Sei Ch\u00f4 \u00ab\u00a0Tout se d\u00e9veloppe \u00e0 partir des bases\u00a0\u00bb. Stage de R\u00e9milly &#8211; Septembre 2018<\/em><\/figcaption><\/figure>\n<\/div>\n<\/div>\n\n\n\n<div class=\"is-layout-flex wp-container-12 wp-block-columns\">\n<div class=\"is-layout-flow wp-block-column\" style=\"flex-basis:66.66%\">\n<p><strong>Des s\u00e9ries de J\u00f4d\u00f4 et des styles de Shod\u00f4&#8230;<\/strong><\/p>\n\n\n\n<p>&nbsp; &nbsp; &nbsp; &nbsp; La pratique du J\u00f4d\u00f4 s&rsquo;explore \u00e0 travers sept s\u00e9ries de Kata qui ont chacune des caract\u00e9risques sp\u00e9cifiques et la calligraphie japonaise poss\u00e8de diff\u00e9rents styles d&rsquo;\u00e9criture que l&rsquo;on peut faire correspondre \u00e0 chacune d&rsquo;entre elles.<br><br>&nbsp; &nbsp; &nbsp; &nbsp;&nbsp;<em>1\u00e8re s\u00e9rie<\/em>,<strong>&nbsp;Omot<\/strong>e&nbsp;(12 Kata) : le J\u00f4d\u00f4ka est confront\u00e9 \u00e0 ses premiers combats sous forme de Kata. Il doit trouver ses rep\u00e8res et pouvoir identifier clairement les diff\u00e9rentes attaques du sabre. Il a besoin de temps pour mettre en situation les formes de base qu&rsquo;il vient de d\u00e9couvrir.&nbsp;<br><br>Cette s\u00e9rie correspond au style&nbsp;<strong>Kaisho<\/strong>, chaque trac\u00e9 se distingue ais\u00e9ment du suivant et pourrait faire penser \u00e0 notre \u00e9criture scripte.<\/p>\n<\/div>\n\n\n\n<div class=\"is-layout-flow wp-block-column\" style=\"flex-basis:33.33%\">\n<figure class=\"wp-block-image size-large\"><img decoding=\"async\" src=\"http:\/\/jaricot.net\/ishi-ka-dojo\/wp-content\/uploads\/2022\/08\/01_shodo_omote_style_kaisho_v2-0_1-WE50dd319a62.png\" alt=\"\"\/><figcaption class=\"wp-element-caption\">Omote<\/figcaption><\/figure>\n<\/div>\n<\/div>\n\n\n\n<div class=\"is-layout-flex wp-container-15 wp-block-columns\">\n<div class=\"is-layout-flow wp-block-column\" style=\"flex-basis:33.33%\">\n<figure class=\"wp-block-image size-large\"><img decoding=\"async\" src=\"http:\/\/jaricot.net\/ishi-ka-dojo\/wp-content\/uploads\/2022\/08\/02_chudan_style_gyosho_v2-0_1-WE14ef9ce698.png\" alt=\"\"\/><figcaption class=\"wp-element-caption\">Ch\u00fbdan<\/figcaption><\/figure>\n<\/div>\n\n\n\n<div class=\"is-layout-flow wp-block-column\" style=\"flex-basis:66.66%\">\n<p><em>2\u00e8me s\u00e9rie<\/em>,&nbsp;<strong>Ch\u00fbdan<\/strong>&nbsp;(12 Kata) : le J\u00f4d\u00f4ka a pris de l&rsquo;assurance et on va lui demander maintenant de lier ses mouvements, tout en continuant \u00e0 vivre les Kata en phase avec les attaques de son partenaire.<\/p>\n\n\n\n<p>C&rsquo;est le style&nbsp;<strong>Gy\u00f4sho<\/strong>, que l&rsquo;on associe \u00e0 cette s\u00e9rie. Les trac\u00e9s sont maintenant li\u00e9s les uns aux autres et lorsque qu&rsquo;un blanc appara\u00eet, c&rsquo;est \u00e0 travers une liaison a\u00e9rienne que le pinceau rejoint la feuille pour encha\u00eener avec le trait suivant. En Europe, ce sont les principes de l&rsquo;\u00e9criture cursive qui font \u00e9cho \u00e0 ce style.<\/p>\n<\/div>\n<\/div>\n\n\n\n<div class=\"is-layout-flex wp-container-18 wp-block-columns\">\n<div class=\"is-layout-flow wp-block-column\" style=\"flex-basis:66.66%\">\n<p>&nbsp;<em>3\u00e8me s\u00e9rie<\/em>,&nbsp;<strong>Ranai<\/strong>&nbsp;: le J\u00f4d\u00f4ka est pr\u00e9par\u00e9 \u00e0 passer \u00e0 la vitesse sup\u00e9rieure avec cette s\u00e9rie dont le nom se traduit par \u00ab l&rsquo;harmonie dans le d\u00e9sordre \u00bb. Elle comporte uniquement deux tr\u00e8s longs Kata. Rythme tr\u00e8s soutenu, mouvements li\u00e9s, grande pr\u00e9sence pour r\u00e9pondre \u00e0 la pression de l&rsquo;attaquant. N\u00e9cessit\u00e9 de pr\u00e9cision, de connexion, de r\u00e9activit\u00e9.&nbsp;<\/p>\n\n\n\n<p>En Shod\u00f4, on fait correspondre le style S<strong>\u00f4sho<\/strong>&nbsp;\u00e0 cette s\u00e9rie. Son trac\u00e9 tr\u00e8s fluide et li\u00e9 s&rsquo;\u00e9loigne des id\u00e9ogrammes d&rsquo;origine. Souvent, on ne les reconna\u00eet plus. Il s&rsquo;apparente dans notre civilisation, \u00e0 une \u00e9criture cursive tr\u00e8s personnelle et spontan\u00e9e, \u00ab qui vient des tripes \u00bb.<\/p>\n<\/div>\n\n\n\n<div class=\"is-layout-flow wp-block-column\" style=\"flex-basis:33.33%\">\n<figure class=\"wp-block-image size-large is-resized\"><img decoding=\"async\" loading=\"lazy\" src=\"http:\/\/jaricot.net\/ishi-ka-dojo\/wp-content\/uploads\/2022\/08\/03_ran_ai_style_sosho_v2-0_1-WE86d52dd82f.png\" alt=\"\" width=\"161\" height=\"241\"\/><figcaption class=\"wp-element-caption\">Ranai<\/figcaption><\/figure>\n<\/div>\n<\/div>\n\n\n\n<div class=\"is-layout-flex wp-container-21 wp-block-columns\">\n<div class=\"is-layout-flow wp-block-column\" style=\"flex-basis:33.33%\">\n<figure class=\"wp-block-image size-large\"><img decoding=\"async\" src=\"http:\/\/jaricot.net\/ishi-ka-dojo\/wp-content\/uploads\/2022\/08\/04_kage_style_reisho_v2-0_1-WE5ffbd7a3f0.png\" alt=\"\"\/><figcaption class=\"wp-element-caption\">Kage<\/figcaption><\/figure>\n<\/div>\n\n\n\n<div class=\"is-layout-flow wp-block-column\" style=\"flex-basis:66.66%\">\n<p>&nbsp;<em>4\u00e8me s\u00e9rie<\/em>,&nbsp;<strong>Kage<\/strong>&nbsp;: Kage se traduit par \u00ab l&rsquo;ombre \u00bb, on rentre dans un approfondissement de la discipline \u00e0 travers 12 Kata o\u00f9 alternent des rythmes diff\u00e9rents soutenus par une tr\u00e8s grande intensit\u00e9 entre les partenaires. L&rsquo;int\u00e9riorit\u00e9 du pratiquant s&rsquo;exprime avec une pr\u00e9sence puissante dont l&#8217;empreinte vit encore une fois le Kata fini.<br>&nbsp;<br>Le style qui refl\u00e8te le mieux Kage se nomme&nbsp;<strong>Reisho<\/strong>. Il est tr\u00e8s surprenant. D&rsquo;un pinceau en broussaille vont s&rsquo;extraire des id\u00e9ogrammes o\u00f9 se juxtaposent des trac\u00e9s sombres et d&rsquo;autres \u00e9clair\u00e9s de reflets \u00e0 l&rsquo;image de vagues sous la clart\u00e9 lunaire. Ce style o\u00f9 les poils du pinceau se s\u00e9parent d\u00e9licatement pour s&rsquo;unir \u00e0 nouveau en g\u00e9n\u00e9rant des clairs obscurs peut intimement se lier \u00e0 la s\u00e9rie Kage.&nbsp;<\/p>\n<\/div>\n<\/div>\n\n\n\n<div class=\"is-layout-flex wp-container-24 wp-block-columns\">\n<div class=\"is-layout-flow wp-block-column\" style=\"flex-basis:66.66%\">\n<p><em>5\u00e8me s\u00e9rie<\/em>,&nbsp;<strong>Samidare<\/strong>&nbsp;(6 Kata) : Samidare est une s\u00e9rie aux coupes et coups sobres, fulgurants, tr\u00e8s combatifs et dangereux m\u00eame \u00e0 travers une pratique sous forme de Kata.<br>Pascal Krieger, ma\u00eetre de Shint\u00f4 Mus\u00f4 Ry\u00fb J\u00f4, \u00e9crit que le Sh\u00fbgy\u00f4sha vit \u00e0 travers elle l&rsquo;exp\u00e9rience de \u00ab la v\u00e9rit\u00e9 dans l&rsquo;action \u00bb.<\/p>\n\n\n\n<p>Nous reprendrons le style&nbsp;<strong>S\u00f4sho<\/strong>&nbsp;pour \u00e9pouser les caract\u00e9ristiques de cette s\u00e9rie. Les id\u00e9ogrammes doivent \u00eatre profond\u00e9ment int\u00e9gr\u00e9s pour que le calligraphe puisse en exprimer spontan\u00e9ment l&rsquo;essence, avec pr\u00e9cision, disponibilit\u00e9 et sinc\u00e9rit\u00e9.&nbsp;<\/p>\n<\/div>\n\n\n\n<div class=\"is-layout-flow wp-block-column\" style=\"flex-basis:33.33%\">\n<figure class=\"wp-block-image size-large\"><img decoding=\"async\" src=\"http:\/\/jaricot.net\/ishi-ka-dojo\/wp-content\/uploads\/2022\/08\/05_samidare_style_sosho_v2-0_1-WE50930155d5.png\" alt=\"\"\/><figcaption class=\"wp-element-caption\">Samidare<\/figcaption><\/figure>\n<\/div>\n<\/div>\n\n\n\n<div class=\"is-layout-flex wp-container-27 wp-block-columns\">\n<div class=\"is-layout-flow wp-block-column\" style=\"flex-basis:33.33%\">\n<figure class=\"wp-block-image size-large\"><img decoding=\"async\" src=\"http:\/\/jaricot.net\/ishi-ka-dojo\/wp-content\/uploads\/2022\/08\/06_gohon_no_midare_style_sosho_v2-0_1-WE4a7ba767ce-1.png\" alt=\"\"\/><figcaption class=\"wp-element-caption\"><strong>Gohon No Midare<\/strong><\/figcaption><\/figure>\n<\/div>\n\n\n\n<div class=\"is-layout-flow wp-block-column\" style=\"flex-basis:66.66%\">\n<p><em>6\u00e8me s\u00e9rie<\/em>,&nbsp;<strong>Gohon No Midare<\/strong>&nbsp;(5 Kata) : elle est consid\u00e9r\u00e9e comme \u00ab un test de haut niveau \u00bb pour le pratiquant. Efficace et redoutable, le J\u00f4 va acculer le Ken \u00e0 travers des actions o\u00f9 se m\u00e9langent des passages de Kata issus de s\u00e9ries pr\u00e9c\u00e9dentes. Cr\u00e9\u00e9e vers 1939 par Ma\u00eetre Shimizu, Gohon No Midare concentre pr\u00e8s de 350 ans d&rsquo;exp\u00e9rience.<br>&nbsp;<br>A nouveau, on traduira cette s\u00e9rie par le style&nbsp;<strong>S\u00f4sho<\/strong>&nbsp;calligraphi\u00e9 cette fois-ci sur grand format. Par son d\u00e9pouillement fluide et la disponibilit\u00e9 de trac\u00e9 qu&rsquo;il requiert, il incite le calligraphe \u00e0 une expression ma\u00eetris\u00e9e de toutes ses capacit\u00e9s r\u00e9v\u00e9l\u00e9es avec \u00ab l\u00e2cher prise \u00bb. En effet, il lui faudra conserver son \u00e9lan pour \u00e9crire son texte jusqu&rsquo;au bout, sans retremper son pinceau et en utilisant pleinement l&rsquo;espace de la feuille.<\/p>\n<\/div>\n<\/div>\n\n\n\n<div class=\"is-layout-flex wp-container-30 wp-block-columns\">\n<div class=\"is-layout-flow wp-block-column\" style=\"flex-basis:66.66%\">\n<p><em>7\u00e8me s\u00e9rie<\/em>,&nbsp;<strong>Okuden<\/strong>&nbsp;(12 Kata) : Oku \/ int\u00e9rieur, profondeur, et den\/ transmettre, communiquer. Cette derni\u00e8re s\u00e9rie de l&rsquo;\u00e9cole Shint\u00f4 Mus\u00f4 Ry\u00fb aux techniques sobres et d\u00e9pouill\u00e9es, souvent issues des premi\u00e8res bases de la discipline, appara\u00eet comme un retour \u00e0 la source de l&rsquo;art du b\u00e2ton, \u00e0 son origine, empli d&rsquo;une connaissance intime de la discipline et de ses valeurs pouvant \u00eatre transmises \u00e0 d&rsquo;autres.&nbsp;<\/p>\n\n\n\n<p>Nous d\u00e9dierons le style&nbsp;<strong>Tensho<\/strong>&nbsp;\u00e0 cette s\u00e9rie. Il est \u00e0 l&rsquo;origine de l&rsquo;\u00e9criture chinoise que les japonais se sont appropri\u00e9e. Ses premi\u00e8res manifestations remontent au 9\u00e8me si\u00e8cle avant J\u00e9sus-Christ avec des gravures sur des carapaces de tortues. Il s&rsquo;est transform\u00e9 au fil du temps en un style sigillaire utilis\u00e9 pour graver les sceaux qui correspondent \u00e0 nos signatures personnelles. Ils sont, para\u00eet-il, impossible \u00e0 contrefaire.<\/p>\n<\/div>\n\n\n\n<div class=\"is-layout-flow wp-block-column\" style=\"flex-basis:33.33%\">\n<figure class=\"wp-block-image size-large\"><img decoding=\"async\" src=\"http:\/\/jaricot.net\/ishi-ka-dojo\/wp-content\/uploads\/2022\/08\/07_okuden_style_tensho_v2-0_1-WEaeefbf8418.png\" alt=\"\"\/><figcaption class=\"wp-element-caption\"><strong>Okuden<\/strong><\/figcaption><\/figure>\n<\/div>\n<\/div>\n\n\n\n<div class=\"is-layout-flex wp-container-33 wp-block-columns\">\n<div class=\"is-layout-flow wp-block-column\" style=\"flex-basis:66.66%\">\n<figure class=\"wp-block-image size-large\"><img decoding=\"async\" src=\"http:\/\/jaricot.net\/ishi-ka-dojo\/wp-content\/uploads\/2022\/08\/expo_albi_avec_maitre_saito-WE0d93341165.jpg\" alt=\"\"\/><figcaption class=\"wp-element-caption\"><em>Expo d&rsquo;Albi avec Ma\u00eetre Saito&nbsp;&#8211; Septembre 2016<\/em><\/figcaption><\/figure>\n<\/div>\n\n\n\n<div class=\"is-layout-flow wp-block-column\" style=\"flex-basis:33.33%\">\n<figure class=\"wp-block-image size-large\"><img decoding=\"async\" src=\"http:\/\/jaricot.net\/ishi-ka-dojo\/wp-content\/uploads\/2022\/08\/Expo-dAlbi-avec-Pascal-Krieger-WEf96be3db6b.jpg\" alt=\"\"\/><figcaption class=\"wp-element-caption\"><em>Exposition d&rsquo;Albi avec Pascal Krieger Septembre 2016<\/em><\/figcaption><\/figure>\n<\/div>\n<\/div>\n\n\n\n<div class=\"is-layout-flex wp-container-36 wp-block-columns\">\n<div class=\"is-layout-flow wp-block-column\">\n<p><strong>Apprendre le Shod\u00f4&#8230;<\/strong><\/p>\n\n\n\n<p>Apprendre le Shod\u00f4&#8230;&nbsp; La FEJ ** accueille de nombreux pratiquants de&nbsp;<strong>Shod\u00f4<\/strong>. Pascal Krieger, Menkyo Kaiden*** de&nbsp;<strong>J\u00f4d\u00f4<\/strong>&nbsp;et Ma\u00eetre de&nbsp;<strong>Shod\u00f4<\/strong>&nbsp;a re\u00e7u l&rsquo;Ordre du Soleil Levant, d\u00e9coration transmise par l&#8217;empereur du Japon pour sa mise en valeur de la culture japonaise en Europe.<\/p>\n\n\n\n<p>&nbsp; &nbsp; &nbsp; &nbsp; La g\u00e9n\u00e9rosit\u00e9 de ses d\u00e9monstrations de calligraphie, la beaut\u00e9 sereine de cet art en mouvement ont incit\u00e9 moultes Bud\u00f4ka \u00e0 se lancer dans l&rsquo;aventure.<\/p>\n\n\n\n<p>&nbsp; &nbsp; &nbsp; &nbsp; Pascal donne des cours \u00e0 Gen\u00e8ve et propose un stage annuel, parfois des expositions. Pour ses \u00e9l\u00e8ves \u00e0 l&rsquo;\u00e9tranger, c&rsquo;est par correspondance qu&rsquo;il enseigne. Ses th\u00e8mes sont des \u0153uvres d&rsquo;art en diff\u00e9rents styles. Leurs supports, des phrases philosophiques, instructives, litt\u00e9raires, des Ha\u00efku.<\/p>\n<\/div>\n\n\n\n<div class=\"is-layout-flow wp-block-column\">\n<figure class=\"wp-block-image size-large\"><img decoding=\"async\" src=\"http:\/\/jaricot.net\/ishi-ka-dojo\/wp-content\/uploads\/2022\/08\/le_tori_naku_rend_joyeux-WE5298dd473a.jpg\" alt=\"\"\/><figcaption class=\"wp-element-caption\"><em>Tori Naku &#8211;&nbsp;Au 1er rang, 3\u00e8me \u00e0 partir de la droite, Maria Rosa Valluzzi &#8211; Mai 2016<\/em><\/figcaption><\/figure>\n<\/div>\n<\/div>\n\n\n\n<p><strong>Marie et Jacky Ponsot organisent un atelier mensuel d&rsquo;initiation au Shod\u00f4 \u00e0 Pierrefeu, Alpes-Maritimes.<\/strong><br><em><br><\/em>&nbsp; &nbsp; * Commentaire de Pascal Krieger \u00e0 c\u00f4t\u00e9 d&rsquo;un des premiers exercices qu&rsquo;il nous a envoy\u00e9s, le Kanji \u00ab \u00e9ternit\u00e9 \u00bb.&nbsp;<br>&nbsp;<br>&nbsp; ** F\u00e9d\u00e9ration Europ\u00e9enne de J\u00f4d\u00f4&nbsp;<br>&nbsp;<br>*** Le Menkyo Kaiden est le plus haut niveau dans l&rsquo;autorisation d&rsquo;enseigner la technique et l&rsquo;esprit d&rsquo;un art martial japonais classique, remise par le ma\u00eetre d&rsquo;une \u00e9cole, \u00e0 son ou ses \u00e9l\u00e8ves les plus proches et avanc\u00e9s.<\/p>\n\n\n\n<figure class=\"wp-block-image size-large\"><img decoding=\"async\" src=\"http:\/\/jaricot.net\/ishi-ka-dojo\/wp-content\/uploads\/2022\/08\/atelier_shodo_remilly-WEea7f93b477.jpg\" alt=\"\"\/><figcaption class=\"wp-element-caption\"><em>Atelier Shod\u00f4 de R\u00e9milly&nbsp;&#8211; Septembre 2018<\/em><\/figcaption><\/figure>\n\n\n\n<div class=\"is-layout-flex wp-container-39 wp-block-columns\">\n<div class=\"is-layout-flow wp-block-column\">\n<figure class=\"wp-block-image size-large\"><img decoding=\"async\" src=\"http:\/\/jaricot.net\/ishi-ka-dojo\/wp-content\/uploads\/2022\/08\/initiation_remilly-WEa354fc7d16-1.jpg\" alt=\"\"\/><figcaption class=\"wp-element-caption\"><em>Initiation Shod\u00f4 de R\u00e9milly&nbsp;&#8211; Septembre 2018<\/em><\/figcaption><\/figure>\n<\/div>\n\n\n\n<div class=\"is-layout-flow wp-block-column\">\n<figure class=\"wp-block-image size-large\"><img decoding=\"async\" src=\"http:\/\/jaricot.net\/ishi-ka-dojo\/wp-content\/uploads\/2022\/08\/DSC_0074-WEb71ab5cd6d.jpg\" alt=\"\"\/><figcaption class=\"wp-element-caption\"><em>Soir\u00e9e d&rsquo;initiation au Shod\u00f4 avec une participation exceptionnelle, celle de notre Ma\u00eetre, Pascal Krieger, au fond sous la 4\u00e8me calligraphie \u00e0 partir de la droite &#8211;&nbsp;Mai 2018<\/em><\/figcaption><\/figure>\n<\/div>\n<\/div>\n","protected":false},"excerpt":{"rendered":"<p>Shod\u00f4, la voie de l&rsquo;\u00e9criture de Marie \u00c9changer ses armes contre un pinceau et continuer \u00e0 couper&#8230; &nbsp; &nbsp; &nbsp; &nbsp; Le&nbsp;Shod\u00f4&nbsp;appara\u00eet dans le prolongement du&nbsp;J\u00f4d\u00f4&nbsp;et sabre la feuille de &hellip; <a href=\"https:\/\/jaricot.net\/ishi-ka-dojo\/shodo\/\" class=\"more-link\">Continuer la lecture<span class=\"screen-reader-text\"> de &laquo;&nbsp;Shod\u00f4&nbsp;&raquo;<\/span><\/a><\/p>\n","protected":false},"author":1,"featured_media":0,"parent":0,"menu_order":0,"comment_status":"closed","ping_status":"closed","template":"","meta":{"_EventAllDay":false,"_EventTimezone":"","_EventStartDate":"","_EventEndDate":"","_EventStartDateUTC":"","_EventEndDateUTC":"","_EventShowMap":false,"_EventShowMapLink":false,"_EventURL":"","_EventCost":"","_EventCostDescription":"","_EventCurrencySymbol":"","_EventCurrencyCode":"","_EventCurrencyPosition":"","_EventDateTimeSeparator":"","_EventTimeRangeSeparator":"","_EventOrganizerID":[],"_EventVenueID":0,"_OrganizerEmail":"","_OrganizerPhone":"","_OrganizerWebsite":"","_VenueAddress":"","_VenueCity":"","_VenueCountry":"","_VenueProvince":"","_VenueZip":"","_VenuePhone":"","_VenueURL":"","_VenueStateProvince":"","_VenueLat":"","_VenueLng":""},"_links":{"self":[{"href":"https:\/\/jaricot.net\/ishi-ka-dojo\/wp-json\/wp\/v2\/pages\/79"}],"collection":[{"href":"https:\/\/jaricot.net\/ishi-ka-dojo\/wp-json\/wp\/v2\/pages"}],"about":[{"href":"https:\/\/jaricot.net\/ishi-ka-dojo\/wp-json\/wp\/v2\/types\/page"}],"author":[{"embeddable":true,"href":"https:\/\/jaricot.net\/ishi-ka-dojo\/wp-json\/wp\/v2\/users\/1"}],"replies":[{"embeddable":true,"href":"https:\/\/jaricot.net\/ishi-ka-dojo\/wp-json\/wp\/v2\/comments?post=79"}],"version-history":[{"count":12,"href":"https:\/\/jaricot.net\/ishi-ka-dojo\/wp-json\/wp\/v2\/pages\/79\/revisions"}],"predecessor-version":[{"id":306,"href":"https:\/\/jaricot.net\/ishi-ka-dojo\/wp-json\/wp\/v2\/pages\/79\/revisions\/306"}],"wp:attachment":[{"href":"https:\/\/jaricot.net\/ishi-ka-dojo\/wp-json\/wp\/v2\/media?parent=79"}],"curies":[{"name":"wp","href":"https:\/\/api.w.org\/{rel}","templated":true}]}}