{"id":556,"date":"2025-12-08T12:09:08","date_gmt":"2025-12-08T11:09:08","guid":{"rendered":"https:\/\/jaricot.net\/ishi-ka-dojo\/?post_type=tribe_events&#038;p=556"},"modified":"2025-12-08T12:09:08","modified_gmt":"2025-12-08T11:09:08","slug":"les-arts-esthetiques-et-martiaux-du-japon","status":"publish","type":"tribe_events","link":"https:\/\/jaricot.net\/ishi-ka-dojo\/event\/les-arts-esthetiques-et-martiaux-du-japon\/","title":{"rendered":"\u00a0LES ARTS ESTH\u00c9TIQUES ET MARTIAUX DU JAPON"},"content":{"rendered":"<div class=\"tribe-events-schedule tribe-clearfix\">\n\t<h2 class=\"tribe-events-schedule__datetime\">\n\t\t<span class=\"tribe-events-schedule__date tribe-events-schedule__date--start\">\n\t\t\tseptembre 23\t\t<\/span>\n\n\t\t\t\t\t<span class=\"tribe-events-schedule__separator tribe-events-schedule__separator--date\">\n\t\t\t\t@\t\t\t<\/span>\n\t\t\t<span class=\"tribe-events-schedule__time tribe-events-schedule__time--start\">\n\t\t\t\t8h00\t\t\t<\/span>\n\t\t\n\t\t\t\t\t\t\t\t\t<span class=\"tribe-events-schedule__separator tribe-events-schedule__separator--time\">\n\t\t\t\t\t&#8211;\t\t\t\t<\/span>\n\t\t\t\n\t\t\t\t\t\t\t<span class=\"tribe-events-schedule__date tribe-events-schedule__date--end\">\n\t\t\t\t\toctobre 4\t\t\t\t<\/span>\n\n\t\t\t\t\t\t\t\t\t<span class=\"tribe-events-schedule__separator tribe-events-schedule__separator--date\">\n\t\t\t\t\t\t@\t\t\t\t\t<\/span>\n\t\t\t\t\t<span class=\"tribe-events-schedule__time tribe-events-schedule__time--end\">\n\t\t\t\t\t\t17h00\t\t\t\t\t<\/span>\n\t\t\t\t\n\t\t\t\n\t\t\t\t\t\t<\/h2>\n<\/div>\n\n\n\n<p>\u00a0Dix jours d&rsquo;activit\u00e9s culturelles:<br>\u2022 Exposition internationale du T\u014dkashoin Calligraphy Research Institute de T\u014dky\u014d<br>\u2022 Conf\u00e9rences etateliers sur la calligraphie japonaise<br>\u2022 D\u00e9monstrations et ateliers sur les arts martiaux et les arts traditionnels japonais<\/p>\n\n\n\n<figure class=\"wp-block-image size-large\"><img decoding=\"async\" loading=\"lazy\" width=\"1024\" height=\"708\" src=\"https:\/\/jaricot.net\/ishi-ka-dojo\/wp-content\/uploads\/2025\/12\/Les-arts-esthetiques-et-martiaux-du-Japon-1-1024x708.jpg\" alt=\"\" class=\"wp-image-558\" srcset=\"https:\/\/jaricot.net\/ishi-ka-dojo\/wp-content\/uploads\/2025\/12\/Les-arts-esthetiques-et-martiaux-du-Japon-1-1024x708.jpg 1024w, https:\/\/jaricot.net\/ishi-ka-dojo\/wp-content\/uploads\/2025\/12\/Les-arts-esthetiques-et-martiaux-du-Japon-1-300x207.jpg 300w, https:\/\/jaricot.net\/ishi-ka-dojo\/wp-content\/uploads\/2025\/12\/Les-arts-esthetiques-et-martiaux-du-Japon-1-768x531.jpg 768w, https:\/\/jaricot.net\/ishi-ka-dojo\/wp-content\/uploads\/2025\/12\/Les-arts-esthetiques-et-martiaux-du-Japon-1.jpg 1180w\" sizes=\"(max-width: 709px) 85vw, (max-width: 909px) 67vw, (max-width: 1362px) 62vw, 840px\" \/><figcaption class=\"wp-element-caption\">Exposition de calligraphie (Shod\u00f4)<\/figcaption><\/figure>\n\n\n\n<figure class=\"wp-block-image size-large\"><img decoding=\"async\" loading=\"lazy\" width=\"1024\" height=\"709\" src=\"https:\/\/jaricot.net\/ishi-ka-dojo\/wp-content\/uploads\/2025\/12\/Les-arts-esthetiques-et-martiaux-du-Japon-2-1024x709.jpg\" alt=\"\" class=\"wp-image-559\" srcset=\"https:\/\/jaricot.net\/ishi-ka-dojo\/wp-content\/uploads\/2025\/12\/Les-arts-esthetiques-et-martiaux-du-Japon-2-1024x709.jpg 1024w, https:\/\/jaricot.net\/ishi-ka-dojo\/wp-content\/uploads\/2025\/12\/Les-arts-esthetiques-et-martiaux-du-Japon-2-300x208.jpg 300w, https:\/\/jaricot.net\/ishi-ka-dojo\/wp-content\/uploads\/2025\/12\/Les-arts-esthetiques-et-martiaux-du-Japon-2-768x532.jpg 768w, https:\/\/jaricot.net\/ishi-ka-dojo\/wp-content\/uploads\/2025\/12\/Les-arts-esthetiques-et-martiaux-du-Japon-2.jpg 1180w\" sizes=\"(max-width: 709px) 85vw, (max-width: 909px) 67vw, (max-width: 1362px) 62vw, 840px\" \/><figcaption class=\"wp-element-caption\">Programme de l&rsquo;exposition<\/figcaption><\/figure>\n\n\n\n<p><em>Entr\u00e9es gratuites et certaines avec r\u00e9servations. Voir d\u00e9pliant.<\/em><\/p>\n\n\n<div class=\"tribe-block tribe-block__event-price\">\n\t\t<\/div>\n\n\n\n\n<div class=\"tribe-block tribe-block__venue tribe-block__venue--has-map\">\n\t\n\t\t\n\t<\/div>\n\n\n<div class=\"tribe-block tribe-block__event-website\">\n\t<a\n\t\thref=\"https:\/\/www.tsukikage.it\/index.php?page=8\"\n\t\ttarget=\"_self\"\n\t\t\t>\n\t\tAjouter un bouton avec du texte\t<\/a>\n<\/div>\n\n\n\t<div class=\"tribe-block tribe-block__events-link\">\n\t\t<div class=\"tribe-events tribe-common\">\n\t\t\t<div class=\"tribe-events-c-subscribe-dropdown__container\">\n\t\t\t\t<div class=\"tribe-events-c-subscribe-dropdown\">\n\t\t\t\t\t<div class=\"tribe-common-c-btn-border tribe-events-c-subscribe-dropdown__button\" tabindex=\"0\">\n\t\t\t\t\t\t<svg  class=\"tribe-common-c-svgicon tribe-common-c-svgicon--cal-export tribe-events-c-subscribe-dropdown__export-icon\"  viewBox=\"0 0 23 17\" xmlns=\"http:\/\/www.w3.org\/2000\/svg\">\n  <path fill-rule=\"evenodd\" clip-rule=\"evenodd\" d=\"M.128.896V16.13c0 .211.145.383.323.383h15.354c.179 0 .323-.172.323-.383V.896c0-.212-.144-.383-.323-.383H.451C.273.513.128.684.128.896Zm16 6.742h-.901V4.679H1.009v10.729h14.218v-3.336h.901V7.638ZM1.01 1.614h14.218v2.058H1.009V1.614Z\" \/>\n  <path d=\"M20.5 9.846H8.312M18.524 6.953l2.89 2.909-2.855 2.855\" stroke-width=\"1.2\" stroke-linecap=\"round\" stroke-linejoin=\"round\"\/>\n<\/svg>\n\t\t\t\t\t\t<button class=\"tribe-events-c-subscribe-dropdown__button-text\">\n\t\t\t\t\t\t\tAjouter au calendrier\t\t\t\t\t\t<\/button>\n\t\t\t\t\t\t<svg  class=\"tribe-common-c-svgicon tribe-common-c-svgicon--caret-down tribe-events-c-subscribe-dropdown__button-icon\"  viewBox=\"0 0 10 7\" xmlns=\"http:\/\/www.w3.org\/2000\/svg\"><path fill-rule=\"evenodd\" clip-rule=\"evenodd\" d=\"M1.008.609L5 4.6 8.992.61l.958.958L5 6.517.05 1.566l.958-.958z\" class=\"tribe-common-c-svgicon__svg-fill\"\/><\/svg>\n\t\t\t\t\t<\/div>\n\t\t\t\t\t<div class=\"tribe-events-c-subscribe-dropdown__content\">\n\t\t\t\t\t\t<ul class=\"tribe-events-c-subscribe-dropdown__list\" tabindex=\"0\">\n\t\t\t\t\t\t\t\t\t\t\t\t\t\t\t<li class=\"tribe-events-c-subscribe-dropdown__list-item\">\n\t\t\t\t\t\t\t\t\t<a\n\t\t\t\t\t\t\t\t\t\thref=\"https:\/\/www.google.com\/calendar\/event?action=TEMPLATE&#038;dates=20260923T080000\/20261004T170000&#038;text=%C2%A0LES%20ARTS%20ESTH%C3%89TIQUES%20ET%20MARTIAUX%20DU%20JAPON&#038;details=%3C%21--+wp%3Atribe%2Fevent-datetime+%2F--%3E%3C%21--+wp%3Aparagraph+--%3E%3Cp%3E%C2%A0Dix+jours+d%27activit%C3%A9s+culturelles%3A%3Cbr%3E%E2%80%A2+Exposition+internationale+du+T%C5%8Dkashoin+Calligraphy+Research+Institute+de+T%C5%8Dky%C5%8D%3Cbr%3E%E2%80%A2+Conf%C3%A9rences+etateliers+sur+la+calligraphie+japonaise%3Cbr%3E%E2%80%A2+D%C3%A9monstrations+et+ateliers+sur+les+arts+martiaux+et+les+arts+traditionnels+japonais%3C%2Fp%3E%3C%21--+%2Fwp%3Aparagraph+--%3E%3C%21--+wp%3Aimage+%7B%22id%22%3A558%2C%22sizeSlug%22%3A%22large%22%2C%22linkDestination%22%3A%22none%22%7D+--%3E%3Cfigure+class%3D%22wp-block-image+size-large%22%3E%3Cimg+src%3D%22https%3A%2F%2Fjaricot.net%2Fishi-ka-dojo%2Fwp-content%2Fuploads%2F2025%2F12%2FLes-arts-esthetiques-et-martiaux-du-Japon-1-1024x708.jpg%22+alt%3D%22%22+class%3D%22wp-image-558%22%2F%3E%3Cfigcaption+class%3D%22wp-element-caption%22%3EExposition+de+calligraphie+%28Shod%C3%B4%29%3C%2Ffigcaption%3E%3C%2Ffigure%3E%3C%21--+%2Fwp%3A%20(Voir%20toute%20la%20description%20de%20\u00e9v\u00e8nement%20ici\u00a0:%20https:\/\/jaricot.net\/ishi-ka-dojo\/event\/les-arts-esthetiques-et-martiaux-du-japon\/)&#038;trp=false&#038;ctz=Europe\/Paris&#038;sprop=website:https:\/\/jaricot.net\/ishi-ka-dojo\"\n\t\t\t\t\t\t\t\t\t\tclass=\"tribe-events-c-subscribe-dropdown__list-item-link\"\n\t\t\t\t\t\t\t\t\t\ttabindex=\"0\"\n\t\t\t\t\t\t\t\t\t\ttarget=\"_blank\"\n\t\t\t\t\t\t\t\t\t\trel=\"noopener noreferrer nofollow noindex\"\n\t\t\t\t\t\t\t\t\t>\n\t\t\t\t\t\t\t\t\t\tGoogle Agenda\t\t\t\t\t\t\t\t\t<\/a>\n\t\t\t\t\t\t\t\t<\/li>\n\t\t\t\t\t\t\t\t\t\t\t\t\t\t\t<li class=\"tribe-events-c-subscribe-dropdown__list-item\">\n\t\t\t\t\t\t\t\t\t<a\n\t\t\t\t\t\t\t\t\t\thref=\"\"\n\t\t\t\t\t\t\t\t\t\tclass=\"tribe-events-c-subscribe-dropdown__list-item-link\"\n\t\t\t\t\t\t\t\t\t\ttabindex=\"0\"\n\t\t\t\t\t\t\t\t\t\ttarget=\"_blank\"\n\t\t\t\t\t\t\t\t\t\trel=\"noopener noreferrer nofollow noindex\"\n\t\t\t\t\t\t\t\t\t>\n\t\t\t\t\t\t\t\t\t\tiCalendar\t\t\t\t\t\t\t\t\t<\/a>\n\t\t\t\t\t\t\t\t<\/li>\n\t\t\t\t\t\t\t\t\t\t\t\t\t\t\t<li class=\"tribe-events-c-subscribe-dropdown__list-item\">\n\t\t\t\t\t\t\t\t\t<a\n\t\t\t\t\t\t\t\t\t\thref=\"\"\n\t\t\t\t\t\t\t\t\t\tclass=\"tribe-events-c-subscribe-dropdown__list-item-link\"\n\t\t\t\t\t\t\t\t\t\ttabindex=\"0\"\n\t\t\t\t\t\t\t\t\t\ttarget=\"_blank\"\n\t\t\t\t\t\t\t\t\t\trel=\"noopener noreferrer nofollow noindex\"\n\t\t\t\t\t\t\t\t\t>\n\t\t\t\t\t\t\t\t\t\tOutlook 365\t\t\t\t\t\t\t\t\t<\/a>\n\t\t\t\t\t\t\t\t<\/li>\n\t\t\t\t\t\t\t\t\t\t\t\t\t\t\t<li class=\"tribe-events-c-subscribe-dropdown__list-item\">\n\t\t\t\t\t\t\t\t\t<a\n\t\t\t\t\t\t\t\t\t\thref=\"\"\n\t\t\t\t\t\t\t\t\t\tclass=\"tribe-events-c-subscribe-dropdown__list-item-link\"\n\t\t\t\t\t\t\t\t\t\ttabindex=\"0\"\n\t\t\t\t\t\t\t\t\t\ttarget=\"_blank\"\n\t\t\t\t\t\t\t\t\t\trel=\"noopener noreferrer nofollow noindex\"\n\t\t\t\t\t\t\t\t\t>\n\t\t\t\t\t\t\t\t\t\tOutlook Live\t\t\t\t\t\t\t\t\t<\/a>\n\t\t\t\t\t\t\t\t<\/li>\n\t\t\t\t\t\t\t\t\t\t\t\t\t<\/ul>\n\t\t\t\t\t<\/div>\n\t\t\t\t<\/div>\n\t\t\t<\/div>\n\t\t<\/div>\n\t<\/div>\n\n","protected":false},"excerpt":{"rendered":"<p>\u00a0Dix jours d&rsquo;activit\u00e9s culturelles:\u2022 Exposition internationale du T\u014dkashoin Calligraphy Research Institute de T\u014dky\u014d\u2022 Conf\u00e9rences etateliers sur la calligraphie japonaise\u2022 D\u00e9monstrations et ateliers sur les arts martiaux et les arts traditionnels &hellip; <a href=\"https:\/\/jaricot.net\/ishi-ka-dojo\/event\/les-arts-esthetiques-et-martiaux-du-japon\/\" class=\"more-link\">Continuer la lecture<span class=\"screen-reader-text\"> de &laquo;&nbsp;\u00a0LES ARTS ESTH\u00c9TIQUES ET MARTIAUX DU JAPON&nbsp;&raquo;<\/span><\/a><\/p>\n","protected":false},"author":1,"featured_media":0,"comment_status":"closed","ping_status":"closed","template":"","meta":{"_EventAllDay":false,"_EventTimezone":"Europe\/Paris","_EventStartDate":"2026-09-23 08:00:00","_EventEndDate":"2026-10-04 17:00:00","_EventStartDateUTC":"2026-09-23 06:00:00","_EventEndDateUTC":"2026-10-04 15:00:00","_EventShowMap":true,"_EventShowMapLink":true,"_EventURL":"https:\/\/www.tsukikage.it\/index.php?page=8","_EventCost":"","_EventCostDescription":"","_EventCurrencySymbol":"\u20ac","_EventCurrencyCode":"EUR","_EventCurrencyPosition":"prefix","_EventDateTimeSeparator":"@","_EventTimeRangeSeparator":"-","_EventOrganizerID":[],"_EventVenueID":0,"_OrganizerEmail":"","_OrganizerPhone":"","_OrganizerWebsite":"","_VenueAddress":"","_VenueCity":"","_VenueCountry":"","_VenueProvince":"","_VenueZip":"","_VenuePhone":"","_VenueURL":"","_VenueStateProvince":"","_VenueLat":"","_VenueLng":"","_tribe_events_status":"","_tribe_events_status_reason":""},"tags":[],"tribe_events_cat":[],"_links":{"self":[{"href":"https:\/\/jaricot.net\/ishi-ka-dojo\/wp-json\/wp\/v2\/tribe_events\/556"}],"collection":[{"href":"https:\/\/jaricot.net\/ishi-ka-dojo\/wp-json\/wp\/v2\/tribe_events"}],"about":[{"href":"https:\/\/jaricot.net\/ishi-ka-dojo\/wp-json\/wp\/v2\/types\/tribe_events"}],"author":[{"embeddable":true,"href":"https:\/\/jaricot.net\/ishi-ka-dojo\/wp-json\/wp\/v2\/users\/1"}],"replies":[{"embeddable":true,"href":"https:\/\/jaricot.net\/ishi-ka-dojo\/wp-json\/wp\/v2\/comments?post=556"}],"version-history":[{"count":2,"href":"https:\/\/jaricot.net\/ishi-ka-dojo\/wp-json\/wp\/v2\/tribe_events\/556\/revisions"}],"predecessor-version":[{"id":560,"href":"https:\/\/jaricot.net\/ishi-ka-dojo\/wp-json\/wp\/v2\/tribe_events\/556\/revisions\/560"}],"wp:attachment":[{"href":"https:\/\/jaricot.net\/ishi-ka-dojo\/wp-json\/wp\/v2\/media?parent=556"}],"wp:term":[{"taxonomy":"post_tag","embeddable":true,"href":"https:\/\/jaricot.net\/ishi-ka-dojo\/wp-json\/wp\/v2\/tags?post=556"},{"taxonomy":"tribe_events_cat","embeddable":true,"href":"https:\/\/jaricot.net\/ishi-ka-dojo\/wp-json\/wp\/v2\/tribe_events_cat?post=556"}],"curies":[{"name":"wp","href":"https:\/\/api.w.org\/{rel}","templated":true}]}}